{"id":4,"date":"2023-01-09T12:27:29","date_gmt":"2023-01-09T12:27:29","guid":{"rendered":"https:\/\/www.telefonica.co\/?page_id=4"},"modified":"2026-02-05T16:47:22","modified_gmt":"2026-02-05T21:47:22","slug":"inicio-2","status":"publish","type":"page","link":"https:\/\/www.telefonica.co\/en\/","title":{"rendered":"Home"},"content":{"rendered":"\n<p><\/p>\n\n\n<div class=\"hero\"><div class=\"hero__wrap\"><div class=\"hero__image\" role=\"img\" aria-label=\"\" style=\"background-image: url(https:\/\/www.telefonica.co\/en\/wp-content\/uploads\/sites\/10\/2026\/02\/Telefonica-culmina-su-trayectoria-en-Colombia-dejando-un-pais-mas-conectado.jpg?w=901)\"><\/div><div class=\"hero__content\"><div class=\"hero__data\"><div class=\"hero__info\">\n                    <a class=\"info__cat\" href=https:\/\/www.telefonica.co\/en\/press\/>Press<\/a>\n                    <div class=\"info__date\">05\/02\/2026<\/div>\n                <\/div><\/div><div class=\"hero__text\"><h1 class=\"heading-2\"><a  onclick=\"dataLayer.push({'event': 'gaEvent', 'eventCategory': 'open', 'eventAction' : 'banner', 'eventLabel' : 'Telef\u00f3nica culmina su trayectoria en Colombia dejando un pa\u00eds m\u00e1s conectado'});\"  data-vars-event-category='open' data-vars-event-action='banner' data-vars-event-label='Telef\u00f3nica culmina su trayectoria en Colombia dejando un pa\u00eds m\u00e1s conectado'  class=\"link hero__title heading-2 GAevent\" href=\"https:\/\/www.telefonica.co\/en\/telefonica-culmina-su-trayectoria-en-colombia-dejando-un-pais-mas-conectado\/\"><span class=\"link__text\">Telef\u00f3nica culmina su trayectoria en Colombia dejando un pa\u00eds m\u00e1s conectado<\/span>\n                \n                  <div class=\"cta cta--white-arrow\"><\/div><\/a><\/h1>\n                <div class=\"hero__subtext\">Telef\u00f3nica cierra su paso por Colombia, dejando tras de s\u00ed una huella indeleble en la historia tecnol\u00f3gica y social.<\/div><\/div><\/div><\/div><\/div>\n\n<div class=\"tlf-spaces mb--35 \">  <\/div>\n\n\n<figure class=\"wp-block-image size-large is-resized\"><a href=\"https:\/\/www.telefonica.co\/20-anos-de-tra\"><img loading=\"lazy\" decoding=\"async\" height=\"299\" width=\"1024\" src=\"https:\/\/www.telefonica.co\/en\/wp-content\/uploads\/sites\/10\/2026\/02\/banner-PC-Telefonica_en.jpg?w=640\" alt=\"\" class=\"wp-image-74649\" style=\"width:1460px;height:auto\" srcset=\"https:\/\/www.telefonica.co\/en\/wp-content\/uploads\/sites\/10\/2026\/02\/banner-PC-Telefonica_en.jpg 1440w, https:\/\/www.telefonica.co\/en\/wp-content\/uploads\/sites\/10\/2026\/02\/banner-PC-Telefonica_en.jpg?resize=300,88 300w, https:\/\/www.telefonica.co\/en\/wp-content\/uploads\/sites\/10\/2026\/02\/banner-PC-Telefonica_en.jpg?resize=768,224 768w, https:\/\/www.telefonica.co\/en\/wp-content\/uploads\/sites\/10\/2026\/02\/banner-PC-Telefonica_en.jpg?resize=1024,299 1024w\" sizes=\"auto, (max-width: 1024px) 100vw, 1024px\" \/><\/a><\/figure>\n\n\n\n<div class=\"section wrap\">\n<div class=\"section__header\"><h2 class=\"heading-3\">Press<\/h2><a class=\"link\" href=\"https:\/\/www.telefonica.co\/en\/communication-room\/press\/\">Know all the news<\/a><\/div>\n<\/div>\n\n\n<div class=\"grid grid--2\">\n                <div class=\"grid-col\"><div class=\"card card--vertical card--xl\">\n                    <div class=\"card__image pfLazyLoadig\" role=\"img\" aria-label=\"\" data-bg=\"https:\/\/www.telefonica.co\/en\/wp-content\/uploads\/sites\/10\/2026\/02\/Cartelera-oficial-del-Movistar-Arena-en-el-primer-semestre-de-2026.jpg?w=800\"><\/div>\n                    <div class=\"card__data\">\n                    <div class=\"card__info\">\n                        <a class=\"info__cat\"  href=\"https:\/\/www.telefonica.co\/en\/press\/\" >Press<\/a>\n                        <div class=\"info__date\">04\/02\/2026<\/div>\n                    <\/div>\n                    <div class=\"card__tags\"><\/div><\/div>\n                    <div class=\"card__text\"><a  onclick=\"dataLayer.push({'event': 'gaEvent', 'eventCategory': 'open', 'eventAction' : 'central', 'eventLabel' : '\u00a1Progr\u00e1mese para la cartelera oficial del Movistar Arena en el primer semestre de 2026!'});\"  data-vars-event-category='open' data-vars-event-action='central' data-vars-event-label='\u00a1Progr\u00e1mese para la cartelera oficial del Movistar Arena en el primer semestre de 2026!'  class=\"link card__title heading-4\" href=\"https:\/\/www.telefonica.co\/en\/programese-para-la-cartelera-oficial-del-movistar-arena-en-el-primer-semestre-de-2026\/\" ><span class=\"link__text\">\u00a1Progr\u00e1mese para la cartelera oficial del Movistar Arena en el primer semestre de 2026!<\/span><span class=\"link__image\"><\/span>\n                    \n                    <span class=\"cta cta--white-arrow\"><\/span><\/a><\/div>\n                <\/div><\/div>\n                <div class=\"grid-col\">\n                    <div class=\"grid grid--v\"><div class=\"card card--horizontal \">\n                    <div class=\"card__image\" role=\"img\" aria-label=\"\" style=\"background-image: url(https:\/\/www.telefonica.co\/en\/wp-content\/uploads\/sites\/10\/2026\/02\/Operadoras-de-Colombia-se-unen-en-GSMA-Open-Gateway-con-dos-soluciones-digitales-para-combatir-el-fraude-en-linea.jpg?w=800);\"><\/div>\n                    <div class=\"card__data\"><div class=\"card__info\"><a class=\"info__cat\"  href=\"https:\/\/www.telefonica.co\/en\/press\/\" >Press<\/a>\n                        <div class=\"info__date\">03\/02\/2026<\/div>\n                    <\/div>\n                    <div class=\"card__tags\"><\/div><\/div>\n                    <div class=\"card__text\"><a  onclick=\"dataLayer.push({'event': 'gaEvent', 'eventCategory': 'open', 'eventAction' : 'central', 'eventLabel' : 'Operadoras de Colombia se unen en GSMA Open Gateway con dos soluciones digitales para combatir el fraude en l\u00ednea'});\"  data-vars-event-category='open' data-vars-event-action='central' data-vars-event-label='Operadoras de Colombia se unen en GSMA Open Gateway con dos soluciones digitales para combatir el fraude en l\u00ednea'  class=\"link card__title heading-4 GAevent\" href=\"https:\/\/www.telefonica.co\/en\/operadoras-de-colombia-se-unen-en-gsma-open-gateway-con-dos-soluciones-digitales-para-combatir-el-fraude-en-linea\/\"><span class=\"link__text\">Operadoras de Colombia se unen en GSMA Open Gateway con dos soluciones digitales para combatir el fraude en l\u00ednea<\/span>\n                        <span class=\"link__image\"><\/span>\n                        \n                        <span class=\"cta cta--white-arrow\"><\/span><\/a><\/div>\n                    <\/div><div class=\"card card--horizontal \">\n                    <div class=\"card__image\" role=\"img\" aria-label=\"\" style=\"background-image: url(https:\/\/www.telefonica.co\/en\/wp-content\/uploads\/sites\/10\/2026\/01\/Telefonica-Movistar-Colombia-finalista-global-en-los-UNIDO-ONE-World-Sustainability-Awards-2025.jpg?w=800);\"><\/div>\n                    <div class=\"card__data\"><div class=\"card__info\"><a class=\"info__cat\"  href=\"https:\/\/www.telefonica.co\/en\/press\/\" >Press<\/a>\n                        <div class=\"info__date\">29\/01\/2026<\/div>\n                    <\/div>\n                    <div class=\"card__tags\"><\/div><\/div>\n                    <div class=\"card__text\"><a  onclick=\"dataLayer.push({'event': 'gaEvent', 'eventCategory': 'open', 'eventAction' : 'central', 'eventLabel' : 'Telef\u00f3nica Movistar Colombia, finalista global en los UNIDO ONE World Sustainability Awards 2025'});\"  data-vars-event-category='open' data-vars-event-action='central' data-vars-event-label='Telef\u00f3nica Movistar Colombia, finalista global en los UNIDO ONE World Sustainability Awards 2025'  class=\"link card__title heading-4 GAevent\" href=\"https:\/\/www.telefonica.co\/en\/telefonica-movistar-colombia-finalista-global-en-los-unido-one-world-sustainability-awards-2025\/\"><span class=\"link__text\">Telef\u00f3nica Movistar Colombia, finalista global en los UNIDO ONE World Sustainability Awards 2025<\/span>\n                        <span class=\"link__image\"><\/span>\n                        \n                        <span class=\"cta cta--white-arrow\"><\/span><\/a><\/div>\n                    <\/div><\/div>\n                <\/div>\n            <\/div>\n\n<div class=\"tlf-spaces mb--35 \">  <\/div>\n\n\n<div class=\"wp-block-columns is-layout-flex wp-container-core-columns-is-layout-9d6595d7 wp-block-columns-is-layout-flex\">\n<div class=\"wp-block-column is-layout-flow wp-block-column-is-layout-flow\"><div class=\"tf-highlight\" style=\"background-position: 50% 50% ;background-image:url(https:\/\/www.telefonica.co\/en\/wp-content\/uploads\/sites\/10\/2023\/02\/Informe-de-Gestion-Responsable-2021.jpg);\"><span class=\"tf-highlight__title\" aria-hidden=\"true\">Annual report<\/span>\n            <p class=\"tf-highlight__text\">BIC Report<\/p>\n                <a class=\"tf-highlight__link\"  href=\"https:\/\/www.telefonica.co\/en\/about-us\/annual-report\/\">\n                    <span class=\"hide-a11y\">M\u00e1s informaci\u00f3n sobre Annual report<\/span><span class=\"cta cta--white-arrow\"><\/span>\n                <\/a><\/div><\/div>\n\n\n\n<div class=\"wp-block-column is-layout-flow wp-block-column-is-layout-flow\"><div class=\"tf-highlight\" style=\"background-position: 80% 17% ;background-image:url(https:\/\/www.telefonica.co\/en\/wp-content\/uploads\/sites\/10\/2023\/06\/Tigo-y-Movistar-firman-acuerdo-para-desarrollar-una-red-compartida-de-acceso-movil-en-Colombia.jpg);\"><span class=\"tf-highlight__title\" aria-hidden=\"true\">Unified network Movistar &#8211; Tigo<\/span>\n            <p class=\"tf-highlight__text\">The SIC authorizes the sharing of mobile access networks and radio spectrum. (in Spanish)<\/p>\n                <a class=\"tf-highlight__link\"  onclick=\"dataLayer.push({'event': 'gaEvent', 'eventCategory': 'gestion pedidos', 'eventAction' : 'click boton'});\"   href=\"https:\/\/www.telefonica.co\/wp-content\/uploads\/sites\/4\/2023\/10\/La-SIC-autoriza-el-acuerdo-de-comparticion-de-las-redes-de-acceso-movil-y-de-espectro-radioelectrico-entre-Telefonica-y-Tigo.pdf\" target=\"_blank\">\n                    <span class=\"hide-a11y\">M\u00e1s informaci\u00f3n sobre Unified network Movistar &#8211; Tigo<\/span><span class=\"cta cta--link\"><\/span>\n                <\/a><\/div><\/div>\n<\/div>\n\n\n\n<div class=\"wp-block-columns is-layout-flex wp-container-core-columns-is-layout-9d6595d7 wp-block-columns-is-layout-flex\">\n<div class=\"wp-block-column is-layout-flow wp-block-column-is-layout-flow\"><div class=\"tf-highlight\" style=\"background-position: 54% 24% ;background-image:url(https:\/\/www.telefonica.co\/wp-content\/uploads\/sites\/4\/2023\/01\/Think-Big-Movistar-Empresas.jpg);\"><span class=\"tf-highlight__title\" aria-hidden=\"true\">Think Big Movistar Empresas<\/span>\n            <p class=\"tf-highlight__text\"><\/p>\n                <a class=\"tf-highlight__link\"  onclick=\"dataLayer.push({'event': 'gaEvent', 'eventCategory': 'gestion pedidos', 'eventAction' : 'click boton'});\"   href=\"https:\/\/empresas.blogthinkbig.com\/hispam\/\" target=\"_blank\">\n                    <span class=\"hide-a11y\">M\u00e1s informaci\u00f3n sobre Think Big Movistar Empresas<\/span><span class=\"cta cta--link\"><\/span>\n                <\/a><\/div><\/div>\n\n\n\n<div class=\"wp-block-column is-layout-flow wp-block-column-is-layout-flow\"><div class=\"tf-highlight\" style=\"background-position: 49% 31% ;background-image:url(https:\/\/www.telefonica.co\/wp-content\/uploads\/sites\/4\/2023\/01\/Fundacion-Telefonica-Movistar-Colombia.jpg);\"><span class=\"tf-highlight__title\" aria-hidden=\"true\">Fundaci\u00f3n Telef\u00f3nica Movistar<\/span>\n            <p class=\"tf-highlight__text\"><\/p>\n                <a class=\"tf-highlight__link\"  onclick=\"dataLayer.push({'event': 'gaEvent', 'eventCategory': 'gestion pedidos', 'eventAction' : 'click boton'});\"   href=\"https:\/\/discover.profuturo.education\/co\/en\/\" target=\"_blank\">\n                    <span class=\"hide-a11y\">M\u00e1s informaci\u00f3n sobre Fundaci\u00f3n Telef\u00f3nica Movistar<\/span><span class=\"cta cta--link\"><\/span>\n                <\/a><\/div><\/div>\n<\/div>\n\n\n\n<div class=\"container distributor\">\n      <div class=\"card-distributor\">\n        <img decoding=\"async\" class=\"distributor__icon icon\" src=\"https:\/\/www.telefonica.com\/es\/wp-content\/uploads\/sites\/4\/2021\/10\/Miembros_1Light.svg\" alt=\"Main providers in Colombia in Telephony\" aria-hidden=\"true\">\n        <p class=\"distributor__title heading-6\">\n          Profile of Telefonica Colombia\n        <\/p>\n        <p class=\"distributor__text\">\n         Do you know the main indicators of Telef\u00f3nica Colombia? Or how do we impact society?\n        <\/p>\n        <a href=\"https:\/\/www.telefonica.co\/en\/about-us\/\" class=\"distributor__link link\">\n          Read more\n        <\/a>\n      <\/div>\n      <div class=\"card-distributor\">\n        <img decoding=\"async\" class=\"distributor__icon icon\" src=\"https:\/\/www.telefonica.com\/es\/wp-content\/uploads\/sites\/4\/2021\/10\/Planta-_1Light.svg\" alt=\"Integrity, commitment and transparency in Telecommunications\" aria-hidden=\"true\">\n        <p class=\"distributor__title heading-6\">\n          Business Principles\n        <\/p>\n        <p class=\"distributor__text\">\n          They are our code of ethics. They serve as a compass for us to behave and make decisions.\n        <\/p>\n        <a href=\"https:\/\/www.telefonica.com\/es\/sostenibilidad-innovacion\/como-trabajamos\/principios-negocio-responsable\/\" target=\"_blank\" class=\"distributor__link link\" rel=\"noopener\">\n          Read more\n        <\/a>\n      <\/div>\n      <div class=\"card-distributor\">\n        <img decoding=\"async\" class=\"distributor__icon icon\" src=\"https:\/\/www.telefonica.com\/es\/wp-content\/uploads\/sites\/4\/2021\/10\/Fibra_1Light.svg\" alt=\"Telephony list and contact details\" aria-hidden=\"true\">\n        <p class=\"distributor__title heading-6\">\n          Real estate selling\n        <\/p>\n        <p class=\"distributor__text\">\n          Here you can find the most recent list of commercial properties that we have.\n        <\/p>\n        <a href=\"https:\/\/www.telefonica.co\/wp-content\/uploads\/sites\/4\/2024\/11\/10.-LISTADO-PARA-TELEFONICA-061124.pdf\" target=\"_blank\" class=\"distributor__link link\" rel=\"noopener\">\n          Read more\n        <\/a>\n      <\/div>\n      <div class=\"card-distributor\">\n        <img decoding=\"async\" class=\"distributor__icon icon\" src=\"https:\/\/www.telefonica.com\/es\/wp-content\/uploads\/sites\/4\/2021\/10\/1AI_Inteligencia-Artificial_2Regular.svg\" alt=\"Handling of personal data\" aria-hidden=\"true\">\n        <p class=\"distributor__title heading-6\">\n          Privacy center\n        <\/p>\n        <p class=\"distributor__text\">\n          Know all the information about how we handle your personal data.\n        <\/p>\n        <a href=\"https:\/\/descubre.movistar.co\/atencion-cliente\/politicas-de-privacidad\/\" target=\"_blank\" class=\"distributor__link link\" rel=\"noopener\">\n         Read more\n        <\/a>\n      <\/div>\n<\/div>\n\n\n<div class=\"tlf-spaces mb--70 \">  <\/div>","protected":false},"excerpt":{"rendered":"<p>Press Know all the news Profile of Telefonica Colombia Do you know the main indicators of Telef\u00f3nica Colombia? Or how do we impact society? Read more Business Principles They are our code of ethics. They serve as a compass for us to behave and make decisions. Read more Real estate selling Here you can find [&hellip;]<\/p>\n","protected":false},"author":6,"featured_media":0,"parent":0,"menu_order":0,"comment_status":"closed","ping_status":"closed","template":"template-notitle.php","meta":{"_acf_changed":false,"_relevanssi_hide_post":"","_relevanssi_pin_for_all":"","_relevanssi_pin_keywords":"","_relevanssi_unpin_keywords":"","_relevanssi_related_keywords":"","_relevanssi_related_include_ids":"","_relevanssi_related_exclude_ids":"","_relevanssi_related_no_append":"","_relevanssi_related_not_related":"","_relevanssi_related_posts":"1","_relevanssi_noindex_reason":"","footnotes":""},"class_list":["post-4","page","type-page","status-publish","hentry"],"acf":[],"yoast_head":"<!-- This site is optimized with the Yoast SEO Premium plugin v20.0 (Yoast SEO v27.4) - https:\/\/yoast.com\/product\/yoast-seo-premium-wordpress\/ -->\n<title>Home de Telef\u00f3nica Colombia<\/title>\n<meta name=\"description\" content=\"Telef\u00f3nica es uno de los promotores de la econom\u00eda digital en Colombia. Bajo la marca Movistar, ofrece telefon\u00eda m\u00f3vil, Fibra y soluciones.\" \/>\n<meta name=\"robots\" content=\"index, follow, max-snippet:-1, max-image-preview:large, max-video-preview:-1\" \/>\n<link rel=\"canonical\" href=\"https:\/\/www.telefonica.co\/en\/\" \/>\n<meta property=\"og:locale\" content=\"en_GB\" \/>\n<meta property=\"og:type\" content=\"article\" \/>\n<meta property=\"og:title\" content=\"Home\" \/>\n<meta property=\"og:description\" content=\"Telef\u00f3nica es uno de los promotores de la econom\u00eda digital en Colombia. Bajo la marca Movistar, ofrece telefon\u00eda m\u00f3vil, Fibra y soluciones.\" \/>\n<meta property=\"og:url\" content=\"https:\/\/www.telefonica.co\/en\/\" \/>\n<meta property=\"og:site_name\" content=\"Telefonica Colombia English\" \/>\n<meta property=\"article:published_time\" content=\"2023-01-09T13:27:29+01:00\" \/>\n<meta property=\"article:modified_time\" content=\"2026-02-05T22:47:22+01:00\" \/>\n<meta property=\"og:image\" content=\"https:\/\/www.telefonica.co\/en\/wp-content\/uploads\/sites\/10\/2026\/02\/banner-PC-Telefonica_en.jpg\" \/>\n\t<meta property=\"og:image:width\" content=\"1440\" \/>\n\t<meta property=\"og:image:height\" content=\"420\" \/>\n\t<meta property=\"og:image:type\" content=\"image\/jpeg\" \/>\n<meta name=\"twitter:card\" content=\"summary_large_image\" \/>\n<meta name=\"twitter:label1\" content=\"Est. reading time\" \/>\n\t<meta name=\"twitter:data1\" content=\"2 minutes\" \/>\n<script type=\"application\/ld+json\" class=\"yoast-schema-graph\">{\"@context\":\"https:\\\/\\\/schema.org\",\"@graph\":[{\"@type\":\"WebPage\",\"@id\":\"https:\\\/\\\/www.telefonica.co\\\/en\\\/\",\"url\":\"https:\\\/\\\/www.telefonica.co\\\/en\\\/\",\"name\":\"Home de Telef\u00f3nica Colombia\",\"isPartOf\":{\"@id\":\"https:\\\/\\\/www.telefonica.co\\\/en\\\/#website\"},\"primaryImageOfPage\":{\"@id\":\"https:\\\/\\\/www.telefonica.co\\\/en\\\/#primaryimage\"},\"image\":{\"@id\":\"https:\\\/\\\/www.telefonica.co\\\/en\\\/#primaryimage\"},\"thumbnailUrl\":\"https:\\\/\\\/www.telefonica.co\\\/en\\\/wp-content\\\/uploads\\\/sites\\\/10\\\/2026\\\/02\\\/banner-PC-Telefonica_en.jpg?w=640\",\"datePublished\":\"2023-01-09T12:27:29+00:00\",\"dateModified\":\"2026-02-05T21:47:22+00:00\",\"description\":\"Telef\u00f3nica es uno de los promotores de la econom\u00eda digital en Colombia. Bajo la marca Movistar, ofrece telefon\u00eda m\u00f3vil, Fibra y soluciones.\",\"breadcrumb\":{\"@id\":\"https:\\\/\\\/www.telefonica.co\\\/en\\\/#breadcrumb\"},\"inLanguage\":\"en-GB\",\"potentialAction\":[{\"@type\":\"ReadAction\",\"target\":[\"https:\\\/\\\/www.telefonica.co\\\/en\\\/\"]}]},{\"@type\":\"ImageObject\",\"inLanguage\":\"en-GB\",\"@id\":\"https:\\\/\\\/www.telefonica.co\\\/en\\\/#primaryimage\",\"url\":\"https:\\\/\\\/www.telefonica.co\\\/en\\\/wp-content\\\/uploads\\\/sites\\\/10\\\/2026\\\/02\\\/banner-PC-Telefonica_en.jpg\",\"contentUrl\":\"https:\\\/\\\/www.telefonica.co\\\/en\\\/wp-content\\\/uploads\\\/sites\\\/10\\\/2026\\\/02\\\/banner-PC-Telefonica_en.jpg\",\"width\":1440,\"height\":420},{\"@type\":\"BreadcrumbList\",\"@id\":\"https:\\\/\\\/www.telefonica.co\\\/en\\\/#breadcrumb\",\"itemListElement\":[{\"@type\":\"ListItem\",\"position\":1,\"name\":\"Home\",\"item\":\"https:\\\/\\\/www.telefonica.co\\\/en\\\/\"},{\"@type\":\"ListItem\",\"position\":2,\"name\":\"Home\"}]},{\"@type\":\"WebSite\",\"@id\":\"https:\\\/\\\/www.telefonica.co\\\/en\\\/#website\",\"url\":\"https:\\\/\\\/www.telefonica.co\\\/en\\\/\",\"name\":\"Telefonica Colombia English\",\"description\":\"\",\"potentialAction\":[{\"@type\":\"SearchAction\",\"target\":{\"@type\":\"EntryPoint\",\"urlTemplate\":\"https:\\\/\\\/www.telefonica.co\\\/en\\\/?s={search_term_string}\"},\"query-input\":{\"@type\":\"PropertyValueSpecification\",\"valueRequired\":true,\"valueName\":\"search_term_string\"}}],\"inLanguage\":\"en-GB\"}]}<\/script>\n<!-- \/ Yoast SEO Premium plugin. -->","yoast_head_json":{"title":"Home de Telef\u00f3nica Colombia","description":"Telef\u00f3nica es uno de los promotores de la econom\u00eda digital en Colombia. Bajo la marca Movistar, ofrece telefon\u00eda m\u00f3vil, Fibra y soluciones.","robots":{"index":"index","follow":"follow","max-snippet":"max-snippet:-1","max-image-preview":"max-image-preview:large","max-video-preview":"max-video-preview:-1"},"canonical":"https:\/\/www.telefonica.co\/en\/","og_locale":"en_GB","og_type":"article","og_title":"Home","og_description":"Telef\u00f3nica es uno de los promotores de la econom\u00eda digital en Colombia. Bajo la marca Movistar, ofrece telefon\u00eda m\u00f3vil, Fibra y soluciones.","og_url":"https:\/\/www.telefonica.co\/en\/","og_site_name":"Telefonica Colombia English","article_published_time":"2023-01-09T13:27:29+01:00","article_modified_time":"2026-02-05T22:47:22+01:00","og_image":[{"width":1440,"height":420,"url":"https:\/\/www.telefonica.co\/en\/wp-content\/uploads\/sites\/10\/2026\/02\/banner-PC-Telefonica_en.jpg","type":"image\/jpeg"}],"twitter_card":"summary_large_image","twitter_misc":{"Est. reading time":"2 minutes"},"schema":{"@context":"https:\/\/schema.org","@graph":[{"@type":"WebPage","@id":"https:\/\/www.telefonica.co\/en\/","url":"https:\/\/www.telefonica.co\/en\/","name":"Home de Telef\u00f3nica Colombia","isPartOf":{"@id":"https:\/\/www.telefonica.co\/en\/#website"},"primaryImageOfPage":{"@id":"https:\/\/www.telefonica.co\/en\/#primaryimage"},"image":{"@id":"https:\/\/www.telefonica.co\/en\/#primaryimage"},"thumbnailUrl":"https:\/\/www.telefonica.co\/en\/wp-content\/uploads\/sites\/10\/2026\/02\/banner-PC-Telefonica_en.jpg?w=640","datePublished":"2023-01-09T12:27:29+00:00","dateModified":"2026-02-05T21:47:22+00:00","description":"Telef\u00f3nica es uno de los promotores de la econom\u00eda digital en Colombia. Bajo la marca Movistar, ofrece telefon\u00eda m\u00f3vil, Fibra y soluciones.","breadcrumb":{"@id":"https:\/\/www.telefonica.co\/en\/#breadcrumb"},"inLanguage":"en-GB","potentialAction":[{"@type":"ReadAction","target":["https:\/\/www.telefonica.co\/en\/"]}]},{"@type":"ImageObject","inLanguage":"en-GB","@id":"https:\/\/www.telefonica.co\/en\/#primaryimage","url":"https:\/\/www.telefonica.co\/en\/wp-content\/uploads\/sites\/10\/2026\/02\/banner-PC-Telefonica_en.jpg","contentUrl":"https:\/\/www.telefonica.co\/en\/wp-content\/uploads\/sites\/10\/2026\/02\/banner-PC-Telefonica_en.jpg","width":1440,"height":420},{"@type":"BreadcrumbList","@id":"https:\/\/www.telefonica.co\/en\/#breadcrumb","itemListElement":[{"@type":"ListItem","position":1,"name":"Home","item":"https:\/\/www.telefonica.co\/en\/"},{"@type":"ListItem","position":2,"name":"Home"}]},{"@type":"WebSite","@id":"https:\/\/www.telefonica.co\/en\/#website","url":"https:\/\/www.telefonica.co\/en\/","name":"Telefonica Colombia English","description":"","potentialAction":[{"@type":"SearchAction","target":{"@type":"EntryPoint","urlTemplate":"https:\/\/www.telefonica.co\/en\/?s={search_term_string}"},"query-input":{"@type":"PropertyValueSpecification","valueRequired":true,"valueName":"search_term_string"}}],"inLanguage":"en-GB"}]}},"jetpack_sharing_enabled":true,"_links":{"self":[{"href":"https:\/\/www.telefonica.co\/en\/wp-json\/wp\/v2\/pages\/4","targetHints":{"allow":["GET"]}}],"collection":[{"href":"https:\/\/www.telefonica.co\/en\/wp-json\/wp\/v2\/pages"}],"about":[{"href":"https:\/\/www.telefonica.co\/en\/wp-json\/wp\/v2\/types\/page"}],"author":[{"embeddable":true,"href":"https:\/\/www.telefonica.co\/en\/wp-json\/wp\/v2\/users\/6"}],"replies":[{"embeddable":true,"href":"https:\/\/www.telefonica.co\/en\/wp-json\/wp\/v2\/comments?post=4"}],"version-history":[{"count":200,"href":"https:\/\/www.telefonica.co\/en\/wp-json\/wp\/v2\/pages\/4\/revisions"}],"predecessor-version":[{"id":74660,"href":"https:\/\/www.telefonica.co\/en\/wp-json\/wp\/v2\/pages\/4\/revisions\/74660"}],"wp:attachment":[{"href":"https:\/\/www.telefonica.co\/en\/wp-json\/wp\/v2\/media?parent=4"}],"curies":[{"name":"wp","href":"https:\/\/api.w.org\/{rel}","templated":true}]}}